{"id":34,"date":"2022-08-08T16:57:56","date_gmt":"2022-08-08T14:57:56","guid":{"rendered":"https:\/\/www.lesacrecoeur.be\/SC\/?page_id=34"},"modified":"2026-04-10T16:57:50","modified_gmt":"2026-04-10T14:57:50","slug":"welcome","status":"publish","type":"page","link":"https:\/\/www.lesacrecoeur.be\/SC\/","title":{"rendered":"Bienvenue"},"content":{"rendered":"\n<ul class=\"wp-block-social-links is-layout-flex wp-block-social-links-is-layout-flex\"><li class=\"wp-social-link wp-social-link-facebook  wp-block-social-link\"><a href=\"https:\/\/www.facebook.com\/lesacrecoeur.be\" class=\"wp-block-social-link-anchor\"><svg width=\"24\" height=\"24\" viewBox=\"0 0 24 24\" version=\"1.1\" xmlns=\"http:\/\/www.w3.org\/2000\/svg\" aria-hidden=\"true\" focusable=\"false\"><path d=\"M12 2C6.5 2 2 6.5 2 12c0 5 3.7 9.1 8.4 9.9v-7H7.9V12h2.5V9.8c0-2.5 1.5-3.9 3.8-3.9 1.1 0 2.2.2 2.2.2v2.5h-1.3c-1.2 0-1.6.8-1.6 1.6V12h2.8l-.4 2.9h-2.3v7C18.3 21.1 22 17 22 12c0-5.5-4.5-10-10-10z\"><\/path><\/svg><span class=\"wp-block-social-link-label screen-reader-text\">Facebook<\/span><\/a><\/li>\n\n<li class=\"wp-social-link wp-social-link-instagram  wp-block-social-link\"><a href=\"https:\/\/www.instagram.com\/ecole.dusacrecoeur\" class=\"wp-block-social-link-anchor\"><svg width=\"24\" height=\"24\" viewBox=\"0 0 24 24\" version=\"1.1\" xmlns=\"http:\/\/www.w3.org\/2000\/svg\" aria-hidden=\"true\" focusable=\"false\"><path d=\"M12,4.622c2.403,0,2.688,0.009,3.637,0.052c0.877,0.04,1.354,0.187,1.671,0.31c0.42,0.163,0.72,0.358,1.035,0.673 c0.315,0.315,0.51,0.615,0.673,1.035c0.123,0.317,0.27,0.794,0.31,1.671c0.043,0.949,0.052,1.234,0.052,3.637 s-0.009,2.688-0.052,3.637c-0.04,0.877-0.187,1.354-0.31,1.671c-0.163,0.42-0.358,0.72-0.673,1.035 c-0.315,0.315-0.615,0.51-1.035,0.673c-0.317,0.123-0.794,0.27-1.671,0.31c-0.949,0.043-1.233,0.052-3.637,0.052 s-2.688-0.009-3.637-0.052c-0.877-0.04-1.354-0.187-1.671-0.31c-0.42-0.163-0.72-0.358-1.035-0.673 c-0.315-0.315-0.51-0.615-0.673-1.035c-0.123-0.317-0.27-0.794-0.31-1.671C4.631,14.688,4.622,14.403,4.622,12 s0.009-2.688,0.052-3.637c0.04-0.877,0.187-1.354,0.31-1.671c0.163-0.42,0.358-0.72,0.673-1.035 c0.315-0.315,0.615-0.51,1.035-0.673c0.317-0.123,0.794-0.27,1.671-0.31C9.312,4.631,9.597,4.622,12,4.622 M12,3 C9.556,3,9.249,3.01,8.289,3.054C7.331,3.098,6.677,3.25,6.105,3.472C5.513,3.702,5.011,4.01,4.511,4.511 c-0.5,0.5-0.808,1.002-1.038,1.594C3.25,6.677,3.098,7.331,3.054,8.289C3.01,9.249,3,9.556,3,12c0,2.444,0.01,2.751,0.054,3.711 c0.044,0.958,0.196,1.612,0.418,2.185c0.23,0.592,0.538,1.094,1.038,1.594c0.5,0.5,1.002,0.808,1.594,1.038 c0.572,0.222,1.227,0.375,2.185,0.418C9.249,20.99,9.556,21,12,21s2.751-0.01,3.711-0.054c0.958-0.044,1.612-0.196,2.185-0.418 c0.592-0.23,1.094-0.538,1.594-1.038c0.5-0.5,0.808-1.002,1.038-1.594c0.222-0.572,0.375-1.227,0.418-2.185 C20.99,14.751,21,14.444,21,12s-0.01-2.751-0.054-3.711c-0.044-0.958-0.196-1.612-0.418-2.185c-0.23-0.592-0.538-1.094-1.038-1.594 c-0.5-0.5-1.002-0.808-1.594-1.038c-0.572-0.222-1.227-0.375-2.185-0.418C14.751,3.01,14.444,3,12,3L12,3z M12,7.378 c-2.552,0-4.622,2.069-4.622,4.622S9.448,16.622,12,16.622s4.622-2.069,4.622-4.622S14.552,7.378,12,7.378z M12,15 c-1.657,0-3-1.343-3-3s1.343-3,3-3s3,1.343,3,3S13.657,15,12,15z M16.804,6.116c-0.596,0-1.08,0.484-1.08,1.08 s0.484,1.08,1.08,1.08c0.596,0,1.08-0.484,1.08-1.08S17.401,6.116,16.804,6.116z\"><\/path><\/svg><span class=\"wp-block-social-link-label screen-reader-text\">Instagram<\/span><\/a><\/li><\/ul>\n\n\n<div class=\"wp-block-image\">\n<figure class=\"alignleft size-full is-resized\"><img loading=\"lazy\" decoding=\"async\" width=\"353\" height=\"400\" src=\"https:\/\/www.lesacrecoeur.be\/SC\/wp-content\/uploads\/2022\/08\/arbre-grandir.png\" alt=\"\" class=\"wp-image-60\" style=\"width:317px;height:359px\" srcset=\"https:\/\/www.lesacrecoeur.be\/SC\/wp-content\/uploads\/2022\/08\/arbre-grandir.png 353w, https:\/\/www.lesacrecoeur.be\/SC\/wp-content\/uploads\/2022\/08\/arbre-grandir-265x300.png 265w\" sizes=\"auto, (max-width: 353px) 100vw, 353px\" \/><\/figure>\n<\/div>\n\n\n<p class=\"has-text-align-left has-large-font-size\"><a href=\"https:\/\/www.lesacrecoeur.be\/SC\/wp-content\/uploads\/2025\/09\/carnet-de-rentree-2025-2026.pdf\" data-type=\"link\" data-id=\"https:\/\/www.lesacrecoeur.be\/SC\/wp-content\/uploads\/2024\/08\/carnet-de-rentree-2024-2025.pdf\" target=\"_blank\" rel=\"noreferrer noopener\">L&rsquo;\u00e9cole de A \u00e0 Z<\/a> (2025-2026)<\/p>\n\n\n\n<p><strong>Sacr\u00e9-Coeur de Stockel<\/strong><br>Rue F\u00e9lix De Keuster 58<br>1150 Bruxelles<br>02\/779.07.87<br><a href=\"mailto:lesacrecoeur1150@gmail.com\">info@lesacrecoeur.be<\/a><\/p>\n\n\n\n<p><a href=\"https:\/\/www.lesacrecoeur.be\/SC\/mot-de-la-direction\/\" data-type=\"URL\" data-id=\"https:\/\/www.lesacrecoeur.be\/SC\/mot-de-la-direction\/\">Mot de la direction<\/a><br><a href=\"https:\/\/www.lesacrecoeur.be\/SC\/notre-pedagogie-en-un-clic\/\">Notre p\u00e9dagogie en un clic<\/a><br><a href=\"https:\/\/youtu.be\/PpQw8z7W0x0\" data-type=\"URL\" data-id=\"https:\/\/youtu.be\/PpQw8z7W0x0\">Les enfants racontent en vid\u00e9o<\/a><\/p>\n\n\n\n<p>Nous accueillons un public mixte au c\u0153ur du quartier \u00ab&nbsp;Stockel&nbsp;\u00bb dans la commune de Woluw\u00e9-Saint-Pierre (r\u00e9gion bruxelloise).<\/p>\n\n\n\n<p><\/p>\n\n\n\n<p><\/p>\n\n\n\n<p>+\/- 180 \u00e9l\u00e8ves en maternelle<\/p>\n\n\n\n<p>+\/- 280 \u00e9l\u00e8ves en primaire<\/p>\n\n\n\n<p><strong>Citoyens du monde:<\/strong><br><a href=\"https:\/\/durable.woluwe1150.be\/vegetalisation-de-la-cour-de-recreation-du-sacre-coeur-de-stockel\/\">V\u00e9g\u00e9talisation de la cour de r\u00e9cr\u00e9ation,<\/a>&nbsp;<a href=\"https:\/\/www.lesacrecoeur.be\/SC\/wp-content\/uploads\/2023\/12\/affiche-2-site-internet.pdf\" data-type=\"link\" data-id=\"https:\/\/www.lesacrecoeur.be\/SC\/wp-content\/uploads\/2023\/12\/affiche-2-site-internet.pdf\">Eveil aux langues d\u00e8s la 3\u00e9me maternelle<\/a>, <a href=\"https:\/\/www.lesacrecoeur.be\/SC\/sport-au-sacre-coeur\/\" data-type=\"link\" data-id=\"https:\/\/www.lesacrecoeur.be\/SC\/sport-au-sacre-coeur\/\">Sport au Sacr\u00e9-Coeur,<\/a>&nbsp;<a href=\"https:\/\/www.lesacrecoeur.be\/SC\/wp-content\/uploads\/2022\/08\/Projet-GDM.pdf\" data-type=\"URL\" data-id=\"https:\/\/www.lesacrecoeur.be\/SC\/wp-content\/uploads\/2022\/08\/Projet-GDM.pdf\">graines de m\u00e9diateurs<\/a>, <a href=\"https:\/\/www.lesacrecoeur.be\/SC\/numerique\/\">num\u00e9rique<\/a>, \u2026<br><br><strong>Services:<\/strong><br><a href=\"https:\/\/www.lesacrecoeur.be\/SC\/wp-content\/uploads\/2024\/07\/Dossier_AES_-_SCS_2024-2025.pdf\" data-type=\"link\" data-id=\"https:\/\/www.lesacrecoeur.be\/SC\/wp-content\/uploads\/2023\/09\/AES-SCS-11032023-low.pdf\">Garderie active, \u00e9tude dirig\u00e9e et surveill\u00e9e<\/a>,&nbsp;<a href=\"https:\/\/drive.google.com\/drive\/folders\/0B878yTwadv__QmswMVVmRnhKTG8?resourcekey=0-aMT9hWRlMc1QSMuTOsrGTw&amp;usp=sharing\">repas chauds<\/a>,&nbsp;<a href=\"https:\/\/www.lesacrecoeur.be\/SC\/ca-cree-midi\/\">midi \u00ab&nbsp;extra&nbsp;\u00bb<\/a>, \u2026<\/p>\n\n\n\n<figure class=\"wp-block-image size-large\"><img loading=\"lazy\" decoding=\"async\" width=\"1024\" height=\"750\" src=\"https:\/\/www.lesacrecoeur.be\/SC\/wp-content\/uploads\/2026\/02\/Capture-decran-2026-02-11-105702-1024x750.png\" alt=\"\" class=\"wp-image-508\" srcset=\"https:\/\/www.lesacrecoeur.be\/SC\/wp-content\/uploads\/2026\/02\/Capture-decran-2026-02-11-105702-1024x750.png 1024w, https:\/\/www.lesacrecoeur.be\/SC\/wp-content\/uploads\/2026\/02\/Capture-decran-2026-02-11-105702-300x220.png 300w, https:\/\/www.lesacrecoeur.be\/SC\/wp-content\/uploads\/2026\/02\/Capture-decran-2026-02-11-105702-768x563.png 768w, https:\/\/www.lesacrecoeur.be\/SC\/wp-content\/uploads\/2026\/02\/Capture-decran-2026-02-11-105702.png 1159w\" sizes=\"auto, (max-width: 1024px) 100vw, 1024px\" \/><\/figure>\n\n\n\n<figure class=\"wp-block-embed is-type-video is-provider-youtube wp-block-embed-youtube wp-embed-aspect-16-9 wp-has-aspect-ratio\"><div class=\"wp-block-embed__wrapper\">\n<iframe loading=\"lazy\" title=\"Les enfants racontent\" width=\"780\" height=\"439\" src=\"https:\/\/www.youtube.com\/embed\/PpQw8z7W0x0?feature=oembed\" frameborder=\"0\" allow=\"accelerometer; autoplay; clipboard-write; encrypted-media; gyroscope; picture-in-picture; web-share\" referrerpolicy=\"strict-origin-when-cross-origin\" allowfullscreen><\/iframe>\n<\/div><\/figure>\n\n\n\n<p class=\"has-large-font-size\"><em><strong>La RTBF parle de nous &#8211; janvier 2025<\/strong><\/em><\/p>\n\n\n\n<p class=\"has-normal-font-size\"><a href=\"https:\/\/www.rtbf.be\/article\/gerer-ses-emotions-quand-on-est-enfant-l-alternative-des-sports-de-combat-qui-fonctionne-11495291\"><strong><em>G\u00e9rer ses \u00e9motions quand on est enfant ? L&rsquo;alternative des sports de combat qui fonctionne<\/em><\/strong><\/a><\/p>\n\n\n\n<figure class=\"wp-block-embed is-type-video is-provider-youtube wp-block-embed-youtube wp-embed-aspect-16-9 wp-has-aspect-ratio\"><div class=\"wp-block-embed__wrapper\">\n<iframe loading=\"lazy\" title=\"G\u00e9rer ses \u00e9motions - Yoseikan Budo\" width=\"780\" height=\"439\" src=\"https:\/\/www.youtube.com\/embed\/OmfXDIL1PVI?feature=oembed\" frameborder=\"0\" allow=\"accelerometer; autoplay; clipboard-write; encrypted-media; gyroscope; picture-in-picture; web-share\" referrerpolicy=\"strict-origin-when-cross-origin\" allowfullscreen><\/iframe>\n<\/div><\/figure>\n\n\n\n<p><\/p>\n\n\n\n<p><strong>Quand la science vient \u00e0 nous !<\/strong><\/p>\n\n\n\n<p>Cette semaine, les \u00e9l\u00e8ves de P5\/P6 ont enfil\u00e9 leur blouse blanche dans <strong>le camion XperiLab<\/strong> : manipulations, exp\u00e9riences et d\u00e9couvertes \u00e9taient au programme !<\/p>\n\n\n\n<figure class=\"wp-block-image size-large\"><img loading=\"lazy\" decoding=\"async\" width=\"1024\" height=\"582\" src=\"https:\/\/www.lesacrecoeur.be\/SC\/wp-content\/uploads\/2025\/06\/IMG_6872-1-1024x582.jpg\" alt=\"\" class=\"wp-image-437\" srcset=\"https:\/\/www.lesacrecoeur.be\/SC\/wp-content\/uploads\/2025\/06\/IMG_6872-1-1024x582.jpg 1024w, https:\/\/www.lesacrecoeur.be\/SC\/wp-content\/uploads\/2025\/06\/IMG_6872-1-300x170.jpg 300w, https:\/\/www.lesacrecoeur.be\/SC\/wp-content\/uploads\/2025\/06\/IMG_6872-1-768x436.jpg 768w, https:\/\/www.lesacrecoeur.be\/SC\/wp-content\/uploads\/2025\/06\/IMG_6872-1-1536x873.jpg 1536w, https:\/\/www.lesacrecoeur.be\/SC\/wp-content\/uploads\/2025\/06\/IMG_6872-1-2048x1164.jpg 2048w\" sizes=\"auto, (max-width: 1024px) 100vw, 1024px\" \/><\/figure>\n\n\n\n<figure class=\"wp-block-image size-large\"><img loading=\"lazy\" decoding=\"async\" width=\"1024\" height=\"554\" src=\"https:\/\/www.lesacrecoeur.be\/SC\/wp-content\/uploads\/2025\/06\/IMG_6869-1024x554.jpg\" alt=\"\" class=\"wp-image-438\" srcset=\"https:\/\/www.lesacrecoeur.be\/SC\/wp-content\/uploads\/2025\/06\/IMG_6869-1024x554.jpg 1024w, https:\/\/www.lesacrecoeur.be\/SC\/wp-content\/uploads\/2025\/06\/IMG_6869-300x162.jpg 300w, https:\/\/www.lesacrecoeur.be\/SC\/wp-content\/uploads\/2025\/06\/IMG_6869-768x415.jpg 768w, https:\/\/www.lesacrecoeur.be\/SC\/wp-content\/uploads\/2025\/06\/IMG_6869-1536x830.jpg 1536w, https:\/\/www.lesacrecoeur.be\/SC\/wp-content\/uploads\/2025\/06\/IMG_6869-2048x1107.jpg 2048w\" sizes=\"auto, (max-width: 1024px) 100vw, 1024px\" \/><\/figure>\n\n\n\n<figure class=\"wp-block-image size-large\"><img loading=\"lazy\" decoding=\"async\" width=\"1024\" height=\"606\" src=\"https:\/\/www.lesacrecoeur.be\/SC\/wp-content\/uploads\/2025\/06\/IMG_6870-1024x606.jpg\" alt=\"\" class=\"wp-image-439\" srcset=\"https:\/\/www.lesacrecoeur.be\/SC\/wp-content\/uploads\/2025\/06\/IMG_6870-1024x606.jpg 1024w, https:\/\/www.lesacrecoeur.be\/SC\/wp-content\/uploads\/2025\/06\/IMG_6870-300x177.jpg 300w, https:\/\/www.lesacrecoeur.be\/SC\/wp-content\/uploads\/2025\/06\/IMG_6870-768x454.jpg 768w, https:\/\/www.lesacrecoeur.be\/SC\/wp-content\/uploads\/2025\/06\/IMG_6870-1536x909.jpg 1536w, https:\/\/www.lesacrecoeur.be\/SC\/wp-content\/uploads\/2025\/06\/IMG_6870-2048x1211.jpg 2048w\" sizes=\"auto, (max-width: 1024px) 100vw, 1024px\" \/><\/figure>\n\n\n\n<p>Matin\u00e9e festive pour nos \u00e9l\u00e8ves de l\u2019\u00e9cole maternelle :<\/p>\n\n\n\n<figure class=\"wp-block-image size-large\"><img loading=\"lazy\" decoding=\"async\" width=\"1024\" height=\"768\" src=\"https:\/\/www.lesacrecoeur.be\/SC\/wp-content\/uploads\/2025\/06\/IMG_6954-1024x768.jpg\" alt=\"\" class=\"wp-image-446\" srcset=\"https:\/\/www.lesacrecoeur.be\/SC\/wp-content\/uploads\/2025\/06\/IMG_6954-1024x768.jpg 1024w, https:\/\/www.lesacrecoeur.be\/SC\/wp-content\/uploads\/2025\/06\/IMG_6954-300x225.jpg 300w, https:\/\/www.lesacrecoeur.be\/SC\/wp-content\/uploads\/2025\/06\/IMG_6954-768x576.jpg 768w, https:\/\/www.lesacrecoeur.be\/SC\/wp-content\/uploads\/2025\/06\/IMG_6954-1536x1152.jpg 1536w, https:\/\/www.lesacrecoeur.be\/SC\/wp-content\/uploads\/2025\/06\/IMG_6954-2048x1536.jpg 2048w\" sizes=\"auto, (max-width: 1024px) 100vw, 1024px\" \/><\/figure>\n\n\n\n<figure class=\"wp-block-image size-full is-resized\"><img loading=\"lazy\" decoding=\"async\" width=\"1024\" height=\"1024\" src=\"https:\/\/www.lesacrecoeur.be\/SC\/wp-content\/uploads\/2025\/07\/Affiche-Sacre-Coeur-juillet-2025.png\" alt=\"\" class=\"wp-image-455\" style=\"width:398px;height:auto\" srcset=\"https:\/\/www.lesacrecoeur.be\/SC\/wp-content\/uploads\/2025\/07\/Affiche-Sacre-Coeur-juillet-2025.png 1024w, https:\/\/www.lesacrecoeur.be\/SC\/wp-content\/uploads\/2025\/07\/Affiche-Sacre-Coeur-juillet-2025-300x300.png 300w, https:\/\/www.lesacrecoeur.be\/SC\/wp-content\/uploads\/2025\/07\/Affiche-Sacre-Coeur-juillet-2025-150x150.png 150w, https:\/\/www.lesacrecoeur.be\/SC\/wp-content\/uploads\/2025\/07\/Affiche-Sacre-Coeur-juillet-2025-768x768.png 768w\" sizes=\"auto, (max-width: 1024px) 100vw, 1024px\" \/><\/figure>\n","protected":false},"excerpt":{"rendered":"<p>L&rsquo;\u00e9cole de A \u00e0 Z (2025-2026) Sacr\u00e9-Coeur de StockelRue F\u00e9lix De Keuster 581150 Bruxelles02\/779.07.87info@lesacrecoeur.be Mot de la directionNotre p\u00e9dagogie en un clicLes enfants racontent en vid\u00e9o Nous accueillons un public mixte au c\u0153ur du quartier \u00ab&nbsp;Stockel&nbsp;\u00bb dans la commune de Woluw\u00e9-Saint-Pierre (r\u00e9gion bruxelloise). +\/- 180 \u00e9l\u00e8ves en maternelle +\/- 280 \u00e9l\u00e8ves en primaire Citoyens du <a class=\"more-link\" href=\"https:\/\/www.lesacrecoeur.be\/SC\/\">Lire plus &#8230;<\/a><\/p>\n","protected":false},"author":2,"featured_media":0,"parent":0,"menu_order":0,"comment_status":"closed","ping_status":"closed","template":"","meta":{"footnotes":""},"class_list":["post-34","page","type-page","status-publish","hentry"],"_links":{"self":[{"href":"https:\/\/www.lesacrecoeur.be\/SC\/wp-json\/wp\/v2\/pages\/34","targetHints":{"allow":["GET"]}}],"collection":[{"href":"https:\/\/www.lesacrecoeur.be\/SC\/wp-json\/wp\/v2\/pages"}],"about":[{"href":"https:\/\/www.lesacrecoeur.be\/SC\/wp-json\/wp\/v2\/types\/page"}],"author":[{"embeddable":true,"href":"https:\/\/www.lesacrecoeur.be\/SC\/wp-json\/wp\/v2\/users\/2"}],"replies":[{"embeddable":true,"href":"https:\/\/www.lesacrecoeur.be\/SC\/wp-json\/wp\/v2\/comments?post=34"}],"version-history":[{"count":70,"href":"https:\/\/www.lesacrecoeur.be\/SC\/wp-json\/wp\/v2\/pages\/34\/revisions"}],"predecessor-version":[{"id":515,"href":"https:\/\/www.lesacrecoeur.be\/SC\/wp-json\/wp\/v2\/pages\/34\/revisions\/515"}],"wp:attachment":[{"href":"https:\/\/www.lesacrecoeur.be\/SC\/wp-json\/wp\/v2\/media?parent=34"}],"curies":[{"name":"wp","href":"https:\/\/api.w.org\/{rel}","templated":true}]}}